{"id":1271,"date":"2025-04-04T12:24:22","date_gmt":"2025-04-04T15:24:22","guid":{"rendered":"https:\/\/fundaciongottau.org.ar\/comunicacion\/?page_id=1271"},"modified":"2025-05-08T11:48:09","modified_gmt":"2025-05-08T14:48:09","slug":"su-camino-de-santidad","status":"publish","type":"page","link":"https:\/\/fundaciongottau.org.ar\/comunicacion\/su-camino-de-santidad\/","title":{"rendered":"Su camino de Santidad"},"content":{"rendered":"\n<div class=\"wp-block-cover alignfull is-light\" style=\"min-height:100vh\"><span aria-hidden=\"true\" class=\"wp-block-cover__background has-background-dim\"><\/span><img decoding=\"async\" loading=\"lazy\" width=\"1024\" height=\"696\" class=\"wp-block-cover__image-background wp-image-1154\" alt=\"monse\u00f1or gottau y 4 personas m\u00e1s\" src=\"https:\/\/fundaciongottau.org.ar\/comunicacion\/wp-content\/uploads\/2025\/03\/vida-y-obra-scaled-e1743469139776.jpg\" data-object-fit=\"cover\" srcset=\"https:\/\/fundaciongottau.org.ar\/comunicacion\/wp-content\/uploads\/2025\/03\/vida-y-obra-scaled-e1743469139776.jpg 1024w, https:\/\/fundaciongottau.org.ar\/comunicacion\/wp-content\/uploads\/2025\/03\/vida-y-obra-scaled-e1743469139776-300x204.jpg 300w, https:\/\/fundaciongottau.org.ar\/comunicacion\/wp-content\/uploads\/2025\/03\/vida-y-obra-scaled-e1743469139776-768x522.jpg 768w\" sizes=\"(max-width: 1024px) 100vw, 1024px\" \/><div class=\"wp-block-cover__inner-container\">\n<p class=\"has-text-align-center has-white-color has-text-color\" style=\"font-size:25px;font-style:italic;font-weight:500\"><em>Hablar de Dios y hacer caridad como lo hizo Jes\u00fas<\/em><\/p>\n<\/div><\/div>\n\n\n\n<div style=\"height:7px\" aria-hidden=\"true\" class=\"wp-block-spacer\"><\/div>\n\n\n\n<hr class=\"wp-block-separator has-text-color has-alpha-channel-opacity has-background\" style=\"background-color:#f1daba;color:#f1daba\"\/>\n\n\n\n<div class=\"wp-block-group is-layout-constrained\"><div class=\"wp-block-group__inner-container\">\n<ul class=\"has-background has-medium-font-size\" style=\"background-color:#f1e3d2\">\n<li class=\"has-medium-font-size\">Actores:&nbsp;<strong>Fundaci\u00f3n mons. Jorge Gottau<\/strong>,&nbsp;<strong>Di\u00f3cesis de A\u00f1atuya<\/strong>&nbsp;y&nbsp;<strong>Congregaci\u00f3n del Sant\u00edsimo Redentor<\/strong><\/li>\n\n\n\n<li class=\"has-medium-font-size\">Postulador:&nbsp;<strong>Roberto Dabusti<\/strong><\/li>\n\n\n\n<li class=\"has-medium-font-size\">Presidente de la comisi\u00f3n historica:&nbsp;<strong>Marcos Vanzini<\/strong><\/li>\n\n\n\n<li class=\"has-medium-font-size\">Integrantes de la comisi\u00f3n hist\u00f3rica:&nbsp;<strong>Cintia Su\u00e1rez, Jorge Almir\u00f3n<\/strong><\/li>\n<\/ul>\n<\/div><\/div>\n\n\n\n<p class=\"has-medium-font-size\"><\/p>\n\n\n\n<hr class=\"wp-block-separator has-text-color has-alpha-channel-opacity has-background is-style-dots\" style=\"background-color:#f1daba;color:#f1daba\"\/>\n\n\n\n<p class=\"has-text-align-center has-text-color\" style=\"color:#25528b;font-size:28px\"><strong>Breve rese\u00f1a del Proceso de Canonizaci\u00f3n:<\/strong><\/p>\n\n\n\n<p><\/p>\n\n\n\n<div class=\"wp-block-group is-vertical is-content-justification-left is-nowrap is-layout-flex wp-container-3\">\n<h2 class=\"wp-block-heading has-text-align-center\" style=\"font-size:32px;text-transform:uppercase\"><img decoding=\"async\" loading=\"lazy\" width=\"323\" height=\"324\" class=\"wp-image-1351\" style=\"width: 50px;\" src=\"https:\/\/fundaciongottau.org.ar\/comunicacion\/wp-content\/uploads\/2025\/04\/Calendar.png\" alt=\"\" srcset=\"https:\/\/fundaciongottau.org.ar\/comunicacion\/wp-content\/uploads\/2025\/04\/Calendar.png 323w, https:\/\/fundaciongottau.org.ar\/comunicacion\/wp-content\/uploads\/2025\/04\/Calendar-300x300.png 300w, https:\/\/fundaciongottau.org.ar\/comunicacion\/wp-content\/uploads\/2025\/04\/Calendar-150x150.png 150w\" sizes=\"(max-width: 323px) 100vw, 323px\" \/><strong><mark style=\"background-color:rgba(0, 0, 0, 0);color:#25528b\" class=\"has-inline-color\">2004<\/mark><\/strong><\/h2>\n\n\n\n<p class=\"has-medium-font-size is-layout-flow\"><strong>Mons. Adolfo Uriona<\/strong> es nombrado <strong>Obispo de la Di\u00f3cesis de A\u00f1atuya<\/strong>, y en noviembre del mismo a\u00f1o asume como presidente de la Fundaci\u00f3n mons. Jorge Gottau. <\/p>\n<\/div>\n\n\n\n<p class=\"has-medium-font-size\">En sus primeros a\u00f1os como Obispo de A\u00f1atuya, mons. Uriona, recibe una importante cantidad de solicitudes para iniciar la causa de canonizaci\u00f3n de mons. Jorge Gottau, <strong>el primer Obispo de la citada di\u00f3cesis<\/strong>. <\/p>\n\n\n\n<p class=\"has-medium-font-size\">Por su parte mons. Uriona traslada esa inquietud a la Fundaci\u00f3n Gottau y \u00e9sta comienza a investigar el tema recabando testimonios informales sobre la persona de mons. Gottau.<\/p>\n\n\n\n<hr class=\"wp-block-separator has-text-color has-alpha-channel-opacity has-background\" style=\"background-color:#f1daba;color:#f1daba\"\/>\n\n\n\n<div class=\"wp-block-group is-vertical is-content-justification-left is-nowrap is-layout-flex wp-container-5\">\n<h2 class=\"wp-block-heading has-text-align-center\" style=\"font-size:32px;font-style:normal;font-weight:600\"><img decoding=\"async\" loading=\"lazy\" width=\"323\" height=\"324\" class=\"wp-image-1351\" style=\"width: 52px;\" src=\"https:\/\/fundaciongottau.org.ar\/comunicacion\/wp-content\/uploads\/2025\/04\/Calendar.png\" alt=\"\" srcset=\"https:\/\/fundaciongottau.org.ar\/comunicacion\/wp-content\/uploads\/2025\/04\/Calendar.png 323w, https:\/\/fundaciongottau.org.ar\/comunicacion\/wp-content\/uploads\/2025\/04\/Calendar-300x300.png 300w, https:\/\/fundaciongottau.org.ar\/comunicacion\/wp-content\/uploads\/2025\/04\/Calendar-150x150.png 150w\" sizes=\"(max-width: 323px) 100vw, 323px\" \/><strong><mark style=\"background-color:rgba(0, 0, 0, 0);color:#25528b\" class=\"has-inline-color\">2009<\/mark><\/strong><\/h2>\n\n\n\n<p class=\"has-medium-font-size is-layout-flow\">La Fundaci\u00f3n comienza las consultas para iniciar la causa en el <strong>Arzobispo de Buenos Aires<\/strong>, debido a que mons. Jorge falleci\u00f3 en la Capital Federal. <\/p>\n<\/div>\n\n\n\n<hr class=\"wp-block-separator has-text-color has-alpha-channel-opacity has-background\" style=\"background-color:#f1daba;color:#f1daba\"\/>\n\n\n\n<div class=\"wp-block-group is-vertical is-content-justification-left is-layout-flex wp-container-7\">\n<h2 class=\"wp-block-heading has-text-align-center\" style=\"font-size:32px\"><img decoding=\"async\" loading=\"lazy\" width=\"323\" height=\"324\" class=\"wp-image-1351\" style=\"width: 52px;\" src=\"https:\/\/fundaciongottau.org.ar\/comunicacion\/wp-content\/uploads\/2025\/04\/Calendar.png\" alt=\"\" srcset=\"https:\/\/fundaciongottau.org.ar\/comunicacion\/wp-content\/uploads\/2025\/04\/Calendar.png 323w, https:\/\/fundaciongottau.org.ar\/comunicacion\/wp-content\/uploads\/2025\/04\/Calendar-300x300.png 300w, https:\/\/fundaciongottau.org.ar\/comunicacion\/wp-content\/uploads\/2025\/04\/Calendar-150x150.png 150w\" sizes=\"(max-width: 323px) 100vw, 323px\" \/><strong><mark style=\"background-color:rgba(0, 0, 0, 0);color:#25528b\" class=\"has-inline-color\">2010<\/mark><\/strong>            <\/h2>\n\n\n\n<p class=\"has-medium-font-size is-layout-flow\">Se recibe el <strong>nihil obstat<\/strong> (nada impide)&nbsp;de la Santa Sede y&nbsp;el 29&nbsp;de Junio de ese mismo a\u00f1o comienza formalmente la causa de canonizaci\u00f3n en el Arzobispado de Buenos Aires.<\/p>\n<\/div>\n\n\n\n<p class=\"has-medium-font-size\">Posteriormente se fueron sumando como co-actores del proceso la Di\u00f3cesis de A\u00f1atuya y la Congregaci\u00f3n del Sant\u00edsimo Redentor (los padres redentoristas) a la que perteneci\u00f3 el siervo de Dios Jorge Gottau.<\/p>\n\n\n\n<hr class=\"wp-block-separator has-text-color has-alpha-channel-opacity has-background\" style=\"background-color:#f1daba;color:#f1daba\"\/>\n\n\n\n<div class=\"wp-block-group is-vertical is-layout-flex wp-container-9\">\n<h2 class=\"wp-block-heading has-text-align-center\" style=\"font-size:32px\"><img decoding=\"async\" loading=\"lazy\" width=\"323\" height=\"324\" class=\"wp-image-1351\" style=\"width: 52px;\" src=\"https:\/\/fundaciongottau.org.ar\/comunicacion\/wp-content\/uploads\/2025\/04\/Calendar.png\" alt=\"\" srcset=\"https:\/\/fundaciongottau.org.ar\/comunicacion\/wp-content\/uploads\/2025\/04\/Calendar.png 323w, https:\/\/fundaciongottau.org.ar\/comunicacion\/wp-content\/uploads\/2025\/04\/Calendar-300x300.png 300w, https:\/\/fundaciongottau.org.ar\/comunicacion\/wp-content\/uploads\/2025\/04\/Calendar-150x150.png 150w\" sizes=\"(max-width: 323px) 100vw, 323px\" \/><strong><mark style=\"background-color:rgba(0, 0, 0, 0);color:#25528b\" class=\"has-inline-color\">2010-2013<\/mark><\/strong>          <\/h2>\n\n\n\n<p class=\"has-medium-font-size is-layout-flow\">Se han ido tomando los testimonios formales que formar\u00e1n parte del proceso, paralelamente se ha ido confeccionando un archivo de todo lo escrito por y sobre mons. Jorge Gottau. A <strong>fines de 2013<\/strong> ha comenzado a trabajar la historiadora M. Isabel de Ruschi. <\/p>\n<\/div>\n\n\n\n<p class=\"has-medium-font-size\">Por su parte, la Fundaci\u00f3n Gottau est\u00e1 publicando material de difusi\u00f3n sobre la vida de mons. Jorge Gottau, mientras que en la di\u00f3cesis de A\u00f1atuya y en varios puntos del pa\u00eds se va instaurando la devoci\u00f3n personal a la figura del primer Obispo de A\u00f1atuya y creador de la <strong>Colecta nacional \u00abM\u00e1s por menos\u00bb<\/strong>.<\/p>\n\n\n\n<hr class=\"wp-block-separator has-text-color has-alpha-channel-opacity has-background\" style=\"background-color:#f1daba;color:#f1daba\"\/>\n\n\n\n<div class=\"wp-block-group is-vertical is-layout-flex wp-container-11\">\n<h2 class=\"wp-block-heading has-text-align-center\" style=\"font-size:32px\"><img decoding=\"async\" loading=\"lazy\" width=\"323\" height=\"324\" class=\"wp-image-1351\" style=\"width: 52px;\" src=\"https:\/\/fundaciongottau.org.ar\/comunicacion\/wp-content\/uploads\/2025\/04\/Calendar.png\" alt=\"\" srcset=\"https:\/\/fundaciongottau.org.ar\/comunicacion\/wp-content\/uploads\/2025\/04\/Calendar.png 323w, https:\/\/fundaciongottau.org.ar\/comunicacion\/wp-content\/uploads\/2025\/04\/Calendar-300x300.png 300w, https:\/\/fundaciongottau.org.ar\/comunicacion\/wp-content\/uploads\/2025\/04\/Calendar-150x150.png 150w\" sizes=\"(max-width: 323px) 100vw, 323px\" \/><strong><mark style=\"background-color:rgba(0, 0, 0, 0);color:#25528b\" class=\"has-inline-color\">2014<\/mark><\/strong>          <\/h2>\n\n\n\n<p class=\"has-medium-font-size is-layout-flow\">El dr. Pablo Luis Di Meglio jur\u00f3 como nuevo postulador de la causay fue propuesto como vicepostulador el sacerdote orionita Juan Ram\u00f3n Molina. <\/p>\n<\/div>\n\n\n\n<p class=\"has-medium-font-size\">Manifestamos nuestro agradecimiento a la hna. Mar\u00eda Isabel Fern\u00e1ndez y al padre Francisco Morad por la labor realizada como postuladora y vicepostulador respectivamente durante los inicios del proceso de canonizaci\u00f3n<\/p>\n\n\n\n<hr class=\"wp-block-separator has-text-color has-alpha-channel-opacity has-background\" style=\"background-color:#f1daba;color:#f1daba\"\/>\n\n\n\n<div class=\"wp-block-group is-vertical is-layout-flex wp-container-13\">\n<h2 class=\"wp-block-heading has-text-align-center\" style=\"font-size:32px\"><img decoding=\"async\" loading=\"lazy\" width=\"323\" height=\"324\" class=\"wp-image-1351\" style=\"width: 52px;\" src=\"https:\/\/fundaciongottau.org.ar\/comunicacion\/wp-content\/uploads\/2025\/04\/Calendar.png\" alt=\"\" srcset=\"https:\/\/fundaciongottau.org.ar\/comunicacion\/wp-content\/uploads\/2025\/04\/Calendar.png 323w, https:\/\/fundaciongottau.org.ar\/comunicacion\/wp-content\/uploads\/2025\/04\/Calendar-300x300.png 300w, https:\/\/fundaciongottau.org.ar\/comunicacion\/wp-content\/uploads\/2025\/04\/Calendar-150x150.png 150w\" sizes=\"(max-width: 323px) 100vw, 323px\" \/><strong><mark style=\"background-color:rgba(0, 0, 0, 0);color:#25528b\" class=\"has-inline-color\">2018<\/mark><\/strong>           <\/h2>\n\n\n\n<p class=\"has-medium-font-size is-layout-flow\"><strong>Roberto Dabusti<\/strong> jur\u00f3 como nuevo postulador de la causa de beatificaci\u00f3n de monse\u00f1or Jorge Gottau, y sucedi\u00f3 en el cargo al sacerdote orionita Juan Ram\u00f3n Molina, quien&nbsp;hab\u00eda llevado adelante el proceso durante los \u00faltimos dos a\u00f1os.<\/p>\n<\/div>\n\n\n\n<hr class=\"wp-block-separator has-text-color has-alpha-channel-opacity has-background\" style=\"background-color:#f1daba;color:#f1daba\"\/>\n\n\n\n<div class=\"wp-block-group is-vertical is-layout-flex wp-container-15\">\n<h2 class=\"wp-block-heading has-text-align-center\" style=\"font-size:32px\"><img decoding=\"async\" loading=\"lazy\" width=\"323\" height=\"324\" class=\"wp-image-1351\" style=\"width: 52px;\" src=\"https:\/\/fundaciongottau.org.ar\/comunicacion\/wp-content\/uploads\/2025\/04\/Calendar.png\" alt=\"\" srcset=\"https:\/\/fundaciongottau.org.ar\/comunicacion\/wp-content\/uploads\/2025\/04\/Calendar.png 323w, https:\/\/fundaciongottau.org.ar\/comunicacion\/wp-content\/uploads\/2025\/04\/Calendar-300x300.png 300w, https:\/\/fundaciongottau.org.ar\/comunicacion\/wp-content\/uploads\/2025\/04\/Calendar-150x150.png 150w\" sizes=\"(max-width: 323px) 100vw, 323px\" \/><strong><mark style=\"background-color:rgba(0, 0, 0, 0);color:#25528b\" class=\"has-inline-color\">2025<\/mark><\/strong>           <\/h2>\n\n\n\n<p class=\"has-medium-font-size is-layout-flow\">Sesi\u00f3n de Clausura del Proceso Diocesano de Beatificaci\u00f3n y Canonizaci\u00f3n del Siervo de Dios Mons. Jorge Gottau, CSSR<\/p>\n<\/div>\n\n\n\n<div style=\"height:50px\" aria-hidden=\"true\" class=\"wp-block-spacer\"><\/div>\n\n\n\n<div class=\"wp-block-cover aligncenter has-medium-font-size\"><span aria-hidden=\"true\" class=\"wp-block-cover__background has-background-dim-0 has-background-dim\"><\/span><img decoding=\"async\" loading=\"lazy\" width=\"1024\" height=\"754\" class=\"wp-block-cover__image-background wp-image-1294\" alt=\"\" src=\"https:\/\/fundaciongottau.org.ar\/comunicacion\/wp-content\/uploads\/2025\/04\/gottau-microfono-1024x754.jpg\" data-object-fit=\"cover\" srcset=\"https:\/\/fundaciongottau.org.ar\/comunicacion\/wp-content\/uploads\/2025\/04\/gottau-microfono-1024x754.jpg 1024w, https:\/\/fundaciongottau.org.ar\/comunicacion\/wp-content\/uploads\/2025\/04\/gottau-microfono-300x221.jpg 300w, https:\/\/fundaciongottau.org.ar\/comunicacion\/wp-content\/uploads\/2025\/04\/gottau-microfono-768x566.jpg 768w, https:\/\/fundaciongottau.org.ar\/comunicacion\/wp-content\/uploads\/2025\/04\/gottau-microfono-1536x1131.jpg 1536w, https:\/\/fundaciongottau.org.ar\/comunicacion\/wp-content\/uploads\/2025\/04\/gottau-microfono-2048x1509.jpg 2048w\" sizes=\"(max-width: 1024px) 100vw, 1024px\" \/><div class=\"wp-block-cover__inner-container\">\n<p class=\"has-text-align-center has-large-font-size\"><\/p>\n<\/div><\/div>\n\n\n\n<p class=\"has-medium-font-size\"><\/p>\n\n\n\n<div class=\"wp-block-buttons is-content-justification-center is-layout-flex wp-container-16\">\n<div class=\"wp-block-button has-custom-font-size is-style-fill has-medium-font-size\" style=\"font-style:normal;font-weight:500;letter-spacing:1px;text-decoration:none;text-transform:uppercase\"><a class=\"wp-block-button__link has-black-color has-text-color has-background wp-element-button\" href=\"https:\/\/donamos.org\/fundaciongottau\/gottau\/\" style=\"border-radius:47px;background-color:#eeca96\"><strong>colabor\u00e1 con la causa<\/strong><\/a><\/div>\n<\/div>\n","protected":false},"excerpt":{"rendered":"<p>Breve rese\u00f1a del Proceso de Canonizaci\u00f3n: 2004 Mons. Adolfo Uriona es nombrado Obispo de la Di\u00f3cesis de A\u00f1atuya, y en noviembre del mismo a\u00f1o asume como presidente de la Fundaci\u00f3n mons. Jorge Gottau. En sus primeros a\u00f1os como Obispo de A\u00f1atuya, mons. Uriona, recibe una importante cantidad de solicitudes para iniciar la causa de canonizaci\u00f3n [&hellip;]<\/p>\n","protected":false},"author":1,"featured_media":1294,"parent":0,"menu_order":0,"comment_status":"closed","ping_status":"closed","template":"","meta":[],"_links":{"self":[{"href":"https:\/\/fundaciongottau.org.ar\/comunicacion\/wp-json\/wp\/v2\/pages\/1271"}],"collection":[{"href":"https:\/\/fundaciongottau.org.ar\/comunicacion\/wp-json\/wp\/v2\/pages"}],"about":[{"href":"https:\/\/fundaciongottau.org.ar\/comunicacion\/wp-json\/wp\/v2\/types\/page"}],"author":[{"embeddable":true,"href":"https:\/\/fundaciongottau.org.ar\/comunicacion\/wp-json\/wp\/v2\/users\/1"}],"replies":[{"embeddable":true,"href":"https:\/\/fundaciongottau.org.ar\/comunicacion\/wp-json\/wp\/v2\/comments?post=1271"}],"version-history":[{"count":96,"href":"https:\/\/fundaciongottau.org.ar\/comunicacion\/wp-json\/wp\/v2\/pages\/1271\/revisions"}],"predecessor-version":[{"id":2055,"href":"https:\/\/fundaciongottau.org.ar\/comunicacion\/wp-json\/wp\/v2\/pages\/1271\/revisions\/2055"}],"wp:featuredmedia":[{"embeddable":true,"href":"https:\/\/fundaciongottau.org.ar\/comunicacion\/wp-json\/wp\/v2\/media\/1294"}],"wp:attachment":[{"href":"https:\/\/fundaciongottau.org.ar\/comunicacion\/wp-json\/wp\/v2\/media?parent=1271"}],"curies":[{"name":"wp","href":"https:\/\/api.w.org\/{rel}","templated":true}]}}