{"id":1417,"date":"2025-04-07T09:01:31","date_gmt":"2025-04-07T12:01:31","guid":{"rendered":"https:\/\/fundaciongottau.org.ar\/comunicacion\/?page_id=1417"},"modified":"2025-04-11T16:14:03","modified_gmt":"2025-04-11T19:14:03","slug":"oracion","status":"publish","type":"page","link":"https:\/\/fundaciongottau.org.ar\/comunicacion\/contacto\/historia-mons-gottau\/oracion\/","title":{"rendered":"Oraci\u00f3n y peticiones"},"content":{"rendered":"\n<h2 class=\"wp-block-heading\"><\/h2>\n\n\n\n<p><\/p>\n\n\n\n<div style=\"height:30px\" aria-hidden=\"true\" class=\"wp-block-spacer\"><\/div>\n\n\n<div class=\"wp-block-image\">\n<figure class=\"aligncenter is-resized\"><img decoding=\"async\" src=\"https:\/\/fundaciongottau.org.ar\/jorgegottau\/wp-content\/uploads\/2014\/05\/gottau172-300x213.jpg\" alt=\"gottau172\" class=\"wp-image-269\" width=\"370\"\/><\/figure><\/div>\n\n\n<p>Padre nuestro,<a href=\"https:\/\/fundaciongottau.org.ar\/jorgegottau\/wp-content\/uploads\/2014\/05\/gottau172.jpg\"><\/a><br>que llamaste a tu hijo<strong> Jorge Gottau<\/strong><br>a ser buen pastor de tu pueblo,<br>en la Iglesia pobre de A\u00f1atuya,<br>escucha nuestra oraci\u00f3n.<\/p>\n\n\n\n<p><\/p>\n\n\n\n<p>Te pedimos que<br>siguiendo su ejemplo de entrega y generosidad<br>caminemos tras sus huellas,<br>y as\u00ed llevando tu Palabra<br>junto con acciones concretas<br>en favor de nuestros hermanos m\u00e1s necesitados,<br>seamos aut\u00e9nticos disc\u00edpulos-misioneros de tu Hijo.<\/p>\n\n\n\n<p>Glorifica, Se\u00f1or, a tu siervo<br>a fin de que podamos tenerlo pronto<br>entre los santos reconocidos por la Iglesia,<br>y a nosotros conc\u00e9denos la gracia que te pedimos<strong><mark style=\"background-color:rgba(0, 0, 0, 0);color:#25528b\" class=\"has-inline-color\">&nbsp;<em>(mencionar aquello que solicitamos)<\/em><\/mark><\/strong><\/p>\n\n\n\n<p>Gloria\u2026<\/p>\n\n\n\n<p><em><strong>(Oraci\u00f3n para la devoci\u00f3n privada<\/strong>)<\/em><\/p>\n\n\n\n<figure class=\"wp-block-image size-large\"><a href=\"https:\/\/fundaciongottau.org.ar\/comunicacion\/wp-content\/uploads\/2025\/04\/gottau058-1.jpg\"><img decoding=\"async\" loading=\"lazy\" width=\"1024\" height=\"692\" src=\"https:\/\/fundaciongottau.org.ar\/comunicacion\/wp-content\/uploads\/2025\/04\/gottau058-1-1024x692.jpg\" alt=\"\" class=\"wp-image-1436\" srcset=\"https:\/\/fundaciongottau.org.ar\/comunicacion\/wp-content\/uploads\/2025\/04\/gottau058-1-1024x692.jpg 1024w, https:\/\/fundaciongottau.org.ar\/comunicacion\/wp-content\/uploads\/2025\/04\/gottau058-1-300x203.jpg 300w, https:\/\/fundaciongottau.org.ar\/comunicacion\/wp-content\/uploads\/2025\/04\/gottau058-1-768x519.jpg 768w, https:\/\/fundaciongottau.org.ar\/comunicacion\/wp-content\/uploads\/2025\/04\/gottau058-1.jpg 1320w\" sizes=\"(max-width: 1024px) 100vw, 1024px\" \/><\/a><\/figure>\n\n\n\n<div class=\"wp-block-comments\">\n\n\n\n\n\n\t<div id=\"respond\" class=\"comment-respond wp-block-post-comments-form\">\n\t\t<h3 id=\"reply-title\" class=\"comment-reply-title\">Deja una respuesta <small><a rel=\"nofollow\" id=\"cancel-comment-reply-link\" href=\"\/comunicacion\/wp-json\/wp\/v2\/pages\/1417#respond\" style=\"display:none;\">Cancelar la respuesta<\/a><\/small><\/h3><form action=\"https:\/\/fundaciongottau.org.ar\/comunicacion\/wp-comments-post.php\" method=\"post\" id=\"commentform\" class=\"comment-form\" novalidate><p class=\"comment-notes\"><span id=\"email-notes\">Tu direcci\u00f3n de correo electr\u00f3nico no ser\u00e1 publicada.<\/span> <span class=\"required-field-message\">Los campos obligatorios est\u00e1n marcados con <span class=\"required\">*<\/span><\/span><\/p><p class=\"comment-form-comment\"><label for=\"comment\">Comentario <span class=\"required\">*<\/span><\/label> <textarea id=\"comment\" name=\"comment\" cols=\"45\" rows=\"8\" maxlength=\"65525\" required><\/textarea><\/p><p class=\"comment-form-author\"><label for=\"author\">Nombre <span class=\"required\">*<\/span><\/label> <input id=\"author\" name=\"author\" type=\"text\" value=\"\" size=\"30\" maxlength=\"245\" autocomplete=\"name\" required \/><\/p>\n<p class=\"comment-form-email\"><label for=\"email\">Correo electr\u00f3nico <span class=\"required\">*<\/span><\/label> <input id=\"email\" name=\"email\" type=\"email\" value=\"\" size=\"30\" maxlength=\"100\" aria-describedby=\"email-notes\" autocomplete=\"email\" required \/><\/p>\n<p class=\"comment-form-url\"><label for=\"url\">Web<\/label> <input id=\"url\" name=\"url\" type=\"url\" value=\"\" size=\"30\" maxlength=\"200\" autocomplete=\"url\" \/><\/p>\n<p class=\"comment-form-cookies-consent\"><input id=\"wp-comment-cookies-consent\" name=\"wp-comment-cookies-consent\" type=\"checkbox\" value=\"yes\" \/> <label for=\"wp-comment-cookies-consent\">Guarda mi nombre, correo electr\u00f3nico y web en este navegador para la pr\u00f3xima vez que comente.<\/label><\/p>\n<p class=\"form-submit\"><input name=\"submit\" type=\"submit\" id=\"submit\" class=\"submit\" value=\"Publicar el comentario\" \/> <input type='hidden' name='comment_post_ID' value='1417' id='comment_post_ID' \/>\n<input type='hidden' name='comment_parent' id='comment_parent' value='0' \/>\n<\/p><p style=\"display: none;\"><input type=\"hidden\" id=\"akismet_comment_nonce\" name=\"akismet_comment_nonce\" value=\"ec8425fd11\" \/><\/p><p style=\"display: none !important;\" class=\"akismet-fields-container\" data-prefix=\"ak_\"><label>&#916;<textarea name=\"ak_hp_textarea\" cols=\"45\" rows=\"8\" maxlength=\"100\"><\/textarea><\/label><input type=\"hidden\" id=\"ak_js_1\" name=\"ak_js\" value=\"6\"\/><script>document.getElementById( \"ak_js_1\" ).setAttribute( \"value\", ( new Date() ).getTime() );<\/script><\/p><\/form>\t<\/div><!-- #respond -->\n\t<\/div>\n","protected":false},"excerpt":{"rendered":"<p>Padre nuestro,que llamaste a tu hijo Jorge Gottaua ser buen pastor de tu pueblo,en la Iglesia pobre de A\u00f1atuya,escucha nuestra oraci\u00f3n. Te pedimos quesiguiendo su ejemplo de entrega y generosidadcaminemos tras sus huellas,y as\u00ed llevando tu Palabrajunto con acciones concretasen favor de nuestros hermanos m\u00e1s necesitados,seamos aut\u00e9nticos disc\u00edpulos-misioneros de tu Hijo. Glorifica, Se\u00f1or, a tu [&hellip;]<\/p>\n","protected":false},"author":1,"featured_media":1436,"parent":1229,"menu_order":0,"comment_status":"open","ping_status":"closed","template":"","meta":[],"_links":{"self":[{"href":"https:\/\/fundaciongottau.org.ar\/comunicacion\/wp-json\/wp\/v2\/pages\/1417"}],"collection":[{"href":"https:\/\/fundaciongottau.org.ar\/comunicacion\/wp-json\/wp\/v2\/pages"}],"about":[{"href":"https:\/\/fundaciongottau.org.ar\/comunicacion\/wp-json\/wp\/v2\/types\/page"}],"author":[{"embeddable":true,"href":"https:\/\/fundaciongottau.org.ar\/comunicacion\/wp-json\/wp\/v2\/users\/1"}],"replies":[{"embeddable":true,"href":"https:\/\/fundaciongottau.org.ar\/comunicacion\/wp-json\/wp\/v2\/comments?post=1417"}],"version-history":[{"count":30,"href":"https:\/\/fundaciongottau.org.ar\/comunicacion\/wp-json\/wp\/v2\/pages\/1417\/revisions"}],"predecessor-version":[{"id":1814,"href":"https:\/\/fundaciongottau.org.ar\/comunicacion\/wp-json\/wp\/v2\/pages\/1417\/revisions\/1814"}],"up":[{"embeddable":true,"href":"https:\/\/fundaciongottau.org.ar\/comunicacion\/wp-json\/wp\/v2\/pages\/1229"}],"wp:featuredmedia":[{"embeddable":true,"href":"https:\/\/fundaciongottau.org.ar\/comunicacion\/wp-json\/wp\/v2\/media\/1436"}],"wp:attachment":[{"href":"https:\/\/fundaciongottau.org.ar\/comunicacion\/wp-json\/wp\/v2\/media?parent=1417"}],"curies":[{"name":"wp","href":"https:\/\/api.w.org\/{rel}","templated":true}]}}