{"id":1823,"date":"2025-04-16T20:13:49","date_gmt":"2025-04-16T23:13:49","guid":{"rendered":"https:\/\/fundaciongottau.org.ar\/comunicacion\/?page_id=1823"},"modified":"2025-04-29T14:01:21","modified_gmt":"2025-04-29T17:01:21","slug":"publicaciones","status":"publish","type":"page","link":"https:\/\/fundaciongottau.org.ar\/comunicacion\/publicaciones\/","title":{"rendered":"Publicaciones"},"content":{"rendered":"\n<div class=\"wp-block-columns is-layout-flex wp-container-6\">\n<div class=\"wp-block-column is-layout-flow\" style=\"flex-basis:100%\">\n<div class=\"wp-block-group is-layout-constrained\"><div class=\"wp-block-group__inner-container\">\n<p class=\"has-text-align-center\" style=\"font-size:26px\"><strong>El Camino de mons. Jorge Gottau<\/strong><\/p>\n\n\n<div class=\"wp-block-image\">\n<figure class=\"alignleft size-full\"><a href=\"https:\/\/fundaciongottau.org.ar\/comunicacion\/wp-content\/uploads\/2025\/04\/publi_elcamino-1.png\"><img decoding=\"async\" loading=\"lazy\" width=\"209\" height=\"306\" src=\"https:\/\/fundaciongottau.org.ar\/comunicacion\/wp-content\/uploads\/2025\/04\/publi_elcamino-1.png\" alt=\"\" class=\"wp-image-1990\" srcset=\"https:\/\/fundaciongottau.org.ar\/comunicacion\/wp-content\/uploads\/2025\/04\/publi_elcamino-1.png 209w, https:\/\/fundaciongottau.org.ar\/comunicacion\/wp-content\/uploads\/2025\/04\/publi_elcamino-1-205x300.png 205w\" sizes=\"(max-width: 209px) 100vw, 209px\" \/><\/a><\/figure><\/div>\n\n\n<div style=\"height:11px\" aria-hidden=\"true\" class=\"wp-block-spacer\"><\/div>\n\n\n\n<p class=\"has-text-align-left\" style=\"font-size:22px\">En este&nbsp;libro&nbsp;Marcos Vanzini, archivista de la causa de canonizaci\u00f3n de mons. Gottau, repasa la vida del primer obispo de A\u00f1atuya en nueve breves cap\u00edtulos.<br><br><strong>Publicado por: <\/strong>Fundaci\u00f3n Gottau<br><strong>Autor: <\/strong>Marcos Vanzini<\/p>\n<\/div><\/div>\n\n\n\n<hr class=\"wp-block-separator has-alpha-channel-opacity\"\/>\n\n\n\n<div class=\"wp-block-group is-layout-constrained\"><div class=\"wp-block-group__inner-container\">\n<p class=\"has-text-align-center\" style=\"font-size:26px\"><strong><strong><strong><strong><strong><strong><strong>Relatos y an\u00e9cdotas de un misionero Obisp<\/strong><\/strong><\/strong><\/strong><\/strong><\/strong>o<\/strong><\/p>\n\n\n<div class=\"wp-block-image\">\n<figure class=\"alignleft size-full\"><a href=\"https:\/\/fundaciongottau.org.ar\/comunicacion\/wp-content\/uploads\/2025\/04\/publi_relatos.png\"><img decoding=\"async\" loading=\"lazy\" width=\"209\" height=\"306\" src=\"https:\/\/fundaciongottau.org.ar\/comunicacion\/wp-content\/uploads\/2025\/04\/publi_relatos.png\" alt=\"\" class=\"wp-image-1973\" srcset=\"https:\/\/fundaciongottau.org.ar\/comunicacion\/wp-content\/uploads\/2025\/04\/publi_relatos.png 209w, https:\/\/fundaciongottau.org.ar\/comunicacion\/wp-content\/uploads\/2025\/04\/publi_relatos-205x300.png 205w\" sizes=\"(max-width: 209px) 100vw, 209px\" \/><\/a><\/figure><\/div>\n\n\n<div style=\"height:7px\" aria-hidden=\"true\" class=\"wp-block-spacer\"><\/div>\n\n\n\n<p class=\"has-text-align-left\" style=\"font-size:22px\">Este&nbsp;libro est\u00e1 compuesto por nueve historias que nos ayudar\u00e1n a conocer m\u00e1s sobre la vida de este misionero incansable y sus acciones a favor de nuestros hermanos m\u00e1s necesitados.<br><br><strong>Publicado por: <\/strong>Fundaci\u00f3n Gottau<br><strong>Autor: <\/strong>Marcos Vanzini<\/p>\n\n\n\n<hr class=\"wp-block-separator has-alpha-channel-opacity\"\/>\n<\/div><\/div>\n\n\n\n<div class=\"wp-block-group is-layout-constrained\"><div class=\"wp-block-group__inner-container\">\n<p class=\"has-text-align-center\" style=\"font-size:26px\"><strong><strong><strong><strong><strong><strong><strong><strong>Monse\u00f1or Gottau y la colecta M\u00e1s por Menos<\/strong><\/strong><\/strong><\/strong><\/strong><\/strong><\/strong><\/strong><\/p>\n\n\n<div class=\"wp-block-image\">\n<figure class=\"alignleft size-full\"><a href=\"https:\/\/fundaciongottau.org.ar\/comunicacion\/wp-content\/uploads\/2025\/04\/Publi_colecta-mas-por-menos.png\"><img decoding=\"async\" loading=\"lazy\" width=\"209\" height=\"306\" src=\"https:\/\/fundaciongottau.org.ar\/comunicacion\/wp-content\/uploads\/2025\/04\/Publi_colecta-mas-por-menos.png\" alt=\"\" class=\"wp-image-1975\" srcset=\"https:\/\/fundaciongottau.org.ar\/comunicacion\/wp-content\/uploads\/2025\/04\/Publi_colecta-mas-por-menos.png 209w, https:\/\/fundaciongottau.org.ar\/comunicacion\/wp-content\/uploads\/2025\/04\/Publi_colecta-mas-por-menos-205x300.png 205w\" sizes=\"(max-width: 209px) 100vw, 209px\" \/><\/a><\/figure><\/div>\n\n\n<div style=\"height:7px\" aria-hidden=\"true\" class=\"wp-block-spacer\"><\/div>\n\n\n\n<p class=\"has-text-align-left\" style=\"font-size:22px\">Este&nbsp;libro est\u00e1 compuesto por el surgimiento de esta gran iniciativa. Es la historia de un desaf\u00edo que sigue vivo.<\/p>\n\n\n\n<p class=\"has-text-align-left\" style=\"font-size:22px\"><strong>Publicado por: <\/strong>Fundaci\u00f3n Gottau<br><strong>Autor: <\/strong>Marcos Vanzini<\/p>\n\n\n\n<hr class=\"wp-block-separator has-alpha-channel-opacity\"\/>\n<\/div><\/div>\n\n\n\n<div class=\"wp-block-group is-layout-constrained\"><div class=\"wp-block-group__inner-container\">\n<p class=\"has-text-align-center\" style=\"font-size:26px\"><strong><strong><strong><strong><strong><strong><strong><strong>Jorge Gottau, el obispo de la promoci\u00f3n humana<\/strong><\/strong><\/strong><\/strong><\/strong><\/strong><\/strong><\/strong><\/p>\n\n\n<div class=\"wp-block-image\">\n<figure class=\"alignleft size-full\"><a href=\"https:\/\/fundaciongottau.org.ar\/comunicacion\/wp-content\/uploads\/2025\/04\/publi_elobispo.png\"><img decoding=\"async\" loading=\"lazy\" width=\"209\" height=\"306\" src=\"https:\/\/fundaciongottau.org.ar\/comunicacion\/wp-content\/uploads\/2025\/04\/publi_elobispo.png\" alt=\"\" class=\"wp-image-1976\" srcset=\"https:\/\/fundaciongottau.org.ar\/comunicacion\/wp-content\/uploads\/2025\/04\/publi_elobispo.png 209w, https:\/\/fundaciongottau.org.ar\/comunicacion\/wp-content\/uploads\/2025\/04\/publi_elobispo-205x300.png 205w\" sizes=\"(max-width: 209px) 100vw, 209px\" \/><\/a><\/figure><\/div>\n\n\n<div style=\"height:16px\" aria-hidden=\"true\" class=\"wp-block-spacer\"><\/div>\n\n\n\n<p class=\"has-text-align-left\" style=\"font-size:22px\">Juan Carlos Pisano&nbsp;conjuga de manera muy interesante los datos hist\u00f3ricos de la vida de monse\u00f1or Gottau con testimonios orales y escritos de las personas que lo acompa\u00f1aron en su misi\u00f3n.<\/p>\n\n\n\n<p class=\"has-text-align-left\" style=\"font-size:22px\"><strong>Publicado por: <\/strong>Editorial San Pablo<br><strong>Autor: <\/strong>Juan Carlos Pisano<\/p>\n\n\n\n<hr class=\"wp-block-separator has-alpha-channel-opacity\"\/>\n<\/div><\/div>\n<\/div>\n<\/div>\n","protected":false},"excerpt":{"rendered":"<p>El Camino de mons. Jorge Gottau En este&nbsp;libro&nbsp;Marcos Vanzini, archivista de la causa de canonizaci\u00f3n de mons. Gottau, repasa la vida del primer obispo de A\u00f1atuya en nueve breves cap\u00edtulos. Publicado por: Fundaci\u00f3n GottauAutor: Marcos Vanzini Relatos y an\u00e9cdotas de un misionero Obispo Este&nbsp;libro est\u00e1 compuesto por nueve historias que nos ayudar\u00e1n a conocer m\u00e1s [&hellip;]<\/p>\n","protected":false},"author":1,"featured_media":0,"parent":0,"menu_order":0,"comment_status":"closed","ping_status":"closed","template":"","meta":[],"_links":{"self":[{"href":"https:\/\/fundaciongottau.org.ar\/comunicacion\/wp-json\/wp\/v2\/pages\/1823"}],"collection":[{"href":"https:\/\/fundaciongottau.org.ar\/comunicacion\/wp-json\/wp\/v2\/pages"}],"about":[{"href":"https:\/\/fundaciongottau.org.ar\/comunicacion\/wp-json\/wp\/v2\/types\/page"}],"author":[{"embeddable":true,"href":"https:\/\/fundaciongottau.org.ar\/comunicacion\/wp-json\/wp\/v2\/users\/1"}],"replies":[{"embeddable":true,"href":"https:\/\/fundaciongottau.org.ar\/comunicacion\/wp-json\/wp\/v2\/comments?post=1823"}],"version-history":[{"count":56,"href":"https:\/\/fundaciongottau.org.ar\/comunicacion\/wp-json\/wp\/v2\/pages\/1823\/revisions"}],"predecessor-version":[{"id":2044,"href":"https:\/\/fundaciongottau.org.ar\/comunicacion\/wp-json\/wp\/v2\/pages\/1823\/revisions\/2044"}],"wp:attachment":[{"href":"https:\/\/fundaciongottau.org.ar\/comunicacion\/wp-json\/wp\/v2\/media?parent=1823"}],"curies":[{"name":"wp","href":"https:\/\/api.w.org\/{rel}","templated":true}]}}