{"id":25,"date":"2014-08-22T13:57:44","date_gmt":"2014-08-22T16:57:44","guid":{"rendered":"http:\/\/fundaciongottau.org.ar\/comunicacion\/?page_id=25"},"modified":"2025-04-08T22:33:54","modified_gmt":"2025-04-09T01:33:54","slug":"sobre-la-obra","status":"publish","type":"page","link":"https:\/\/fundaciongottau.org.ar\/comunicacion\/sobre-la-obra\/","title":{"rendered":"Obras"},"content":{"rendered":"\n<p class=\"has-medium-font-size\">La Di\u00f3cesis de A\u00f1atuya comprende la zona m\u00e1s inh\u00f3spita de la provincia de Santiago del Estero con 68.000 Km2 y alrededor de 150.000 habitantes (una densidad de 2,20%). Esta gran extensi\u00f3n y poca poblaci\u00f3n hace que vivan en peque\u00f1os poblados y en ranchos aislados rodeados de monte.<\/p>\n\n\n<div class=\"wp-block-image is-style-default\">\n<figure class=\"aligncenter size-large is-resized\"><a href=\"https:\/\/fundaciongottau.org.ar\/comunicacion\/wp-content\/uploads\/2025\/04\/gottau149-1-scaled.jpg\"><img decoding=\"async\" loading=\"lazy\" src=\"https:\/\/fundaciongottau.org.ar\/comunicacion\/wp-content\/uploads\/2025\/04\/gottau149-1-1024x705.jpg\" alt=\"\" class=\"wp-image-1459\" width=\"1024\" height=\"705\" srcset=\"https:\/\/fundaciongottau.org.ar\/comunicacion\/wp-content\/uploads\/2025\/04\/gottau149-1-1024x705.jpg 1024w, https:\/\/fundaciongottau.org.ar\/comunicacion\/wp-content\/uploads\/2025\/04\/gottau149-1-300x207.jpg 300w, https:\/\/fundaciongottau.org.ar\/comunicacion\/wp-content\/uploads\/2025\/04\/gottau149-1-768x529.jpg 768w, https:\/\/fundaciongottau.org.ar\/comunicacion\/wp-content\/uploads\/2025\/04\/gottau149-1-1536x1058.jpg 1536w, https:\/\/fundaciongottau.org.ar\/comunicacion\/wp-content\/uploads\/2025\/04\/gottau149-1-2048x1410.jpg 2048w\" sizes=\"(max-width: 1024px) 100vw, 1024px\" \/><\/a><\/figure><\/div>\n\n\n<div style=\"height:39px\" aria-hidden=\"true\" class=\"wp-block-spacer\"><\/div>\n\n\n\n<p class=\"has-medium-font-size\">Algunos de los aspectos m\u00e1s destacables de la Obra del Obispado de A\u00f1atuya, que son apoyados directamente por la <strong>Fundaci\u00f3n Gottau<\/strong>, son los siguientes:<\/p>\n\n\n\n<ul>\n<li><\/li>\n<\/ul>\n\n\n\n<h2 class=\"wp-block-heading has-text-color has-medium-font-size\" style=\"color:#25528b\"><strong>Proyectos de C\u00e1ritas Diocesana<\/strong><\/h2>\n\n\n\n<p class=\"has-medium-font-size\">Apoyamos los proyectos de inclusi\u00f3n educativa y de promoci\u00f3n social de C\u00e1ritas diocesana de A\u00f1atuya, en los que se brinda apoyo escolar, talleres de m\u00fasica y recreaci\u00f3n, alfabetizaci\u00f3n de adultos, escuela para padres, prevenci\u00f3n y ayuda en salud, capacitaci\u00f3n para almacenamiento y la utilizaci\u00f3n del agua de lluvia.<\/p>\n\n\n\n<h2 class=\"wp-block-heading has-text-color has-medium-font-size\" style=\"color:#25528b\"><strong>Establecimientos educativos<\/strong><\/h2>\n\n\n\n<p class=\"has-medium-font-size\">Se brinda apoyo para el sostenimiento de los centros educativos de nivel inicial, primario, secundario, t\u00e9cnico agrario y de formaci\u00f3n docente. La educaci\u00f3n brindada por el obispado de A\u00f1atuya ha sido una de las principales fuerzas de transformaci\u00f3n del chaco santiague\u00f1o en los \u00faltimos 50 a\u00f1os. Aportamos para el equipamiento, construcciones, capacitaci\u00f3n, etc.<\/p>\n\n\n\n<h2 class=\"wp-block-heading has-text-color has-medium-font-size\" style=\"color:#25528b\"><strong><strong>Residencias estudiantiles<\/strong><\/strong><\/h2>\n\n\n\n<p class=\"has-medium-font-size\">Contribuimos con las residencias estudiantiles del obispado de A\u00f1atuya. Dichas residencias son&nbsp; un medio que hace posible la educaci\u00f3n secundaria de la infancia y juventud de la zona rural de la di\u00f3cesis de A\u00f1atuya. En las residencias se brinda alojamiento, alimentaci\u00f3n, apoyo escolar y formaci\u00f3n religiosa en un ambiente de familia.<\/p>\n\n\n\n<h2 class=\"wp-block-heading has-text-color has-medium-font-size\" style=\"color:#25528b\"><strong><strong><strong>Formaci\u00f3n profesional para adultos<\/strong><\/strong><\/strong><\/h2>\n\n\n\n<p class=\"has-medium-font-size\">Colaboramos con 6 establecimientos de formaci\u00f3n profesional que a lo largo de la Di\u00f3cesis buscan promover a las personas adultas, especialmente a la mujer. Dictan diversas orientaciones como gastronom\u00eda, panader\u00eda, enfermer\u00eda, tejido a m\u00e1quina y artesanal, artes pl\u00e1sticas, secretariado comercial, carpinter\u00eda, peluquer\u00eda y est\u00e9tica, inform\u00e1tica, etc.<\/p>\n\n\n\n<h2 class=\"wp-block-heading has-text-color has-medium-font-size\" style=\"color:#25528b\"><strong><strong><strong><strong>Servicio a la actividad pastoral y misionera<\/strong><\/strong><\/strong><\/strong><\/h2>\n\n\n\n<p class=\"has-medium-font-size\">Ayudamos a las comunidades religiosas que desarrollan obras de asistencia y promoci\u00f3n para los m\u00e1s necesitados de la regi\u00f3n, especialmente contribuimos al sostenimiento de las co,munidades que vivien en las zonas de monte m\u00e1s alejadas. Colaboramos en la adquisici\u00f3n de veh\u00edculos necesarios para la actividad pastoral en los puntos m\u00e1s aislados del territorio diocesano.<\/p>\n\n\n\n<h2 class=\"wp-block-heading has-text-color has-medium-font-size\" style=\"color:#25528b\"><strong><strong><strong><strong><strong>Formaci\u00f3n de l\u00edderes laicos<\/strong><\/strong><\/strong><\/strong><\/strong><\/h2>\n\n\n\n<p class=\"has-medium-font-size\">Con el objeto de hacer de cada laico un actor de su propio proyecto de vida y protagonista de la promoci\u00f3n personal y social apoyamos seminarios para catequistas, jornadas de formaci\u00f3n para docentes, cursos para voluntarios de C\u00e1ritas, campamentos y retiros juveniles, etc.<\/p>\n\n\n\n<div style=\"height:46px\" aria-hidden=\"true\" class=\"wp-block-spacer\"><\/div>\n\n\n<div class=\"wp-block-image\">\n<figure class=\"aligncenter size-large\"><img decoding=\"async\" src=\"https:\/\/fundaciongottau.org.ar\/comunicacion\/wp-content\/uploads\/2014\/08\/backuppresentaciongottau2.gif\" alt=\"\"\/><\/figure><\/div>\n\n\n<div style=\"height:46px\" aria-hidden=\"true\" class=\"wp-block-spacer\"><\/div>\n\n\n\n<p class=\"has-text-align-center\"><strong><a rel=\"noreferrer noopener\" href=\"https:\/\/fundaciongottau.org.ar\/comunicacion\/wp-content\/uploads\/2018\/05\/Balance-general-2017.pdf\" target=\"_blank\">SI DESEAS CONOCER NUESTRO \u00daLTIMO BALANCE HAZ CLICK AQU\u00cd PARA<\/a> <a rel=\"noreferrer noopener\" href=\"https:\/\/fundaciongottau.org.ar\/comunicacion\/wp-content\/uploads\/2018\/05\/Balance-general-2017.pdf\" target=\"_blank\">DESCARGARLO<\/a><\/strong><\/p>\n","protected":false},"excerpt":{"rendered":"<p>La Di\u00f3cesis de A\u00f1atuya comprende la zona m\u00e1s inh\u00f3spita de la provincia de Santiago del Estero con 68.000 Km2 y alrededor de 150.000 habitantes (una densidad de 2,20%). Esta gran extensi\u00f3n y poca poblaci\u00f3n hace que vivan en peque\u00f1os poblados y en ranchos aislados rodeados de monte. Algunos de los aspectos m\u00e1s destacables de la [&hellip;]<\/p>\n","protected":false},"author":1,"featured_media":0,"parent":0,"menu_order":2,"comment_status":"open","ping_status":"closed","template":"custom-page.php","meta":[],"_links":{"self":[{"href":"https:\/\/fundaciongottau.org.ar\/comunicacion\/wp-json\/wp\/v2\/pages\/25"}],"collection":[{"href":"https:\/\/fundaciongottau.org.ar\/comunicacion\/wp-json\/wp\/v2\/pages"}],"about":[{"href":"https:\/\/fundaciongottau.org.ar\/comunicacion\/wp-json\/wp\/v2\/types\/page"}],"author":[{"embeddable":true,"href":"https:\/\/fundaciongottau.org.ar\/comunicacion\/wp-json\/wp\/v2\/users\/1"}],"replies":[{"embeddable":true,"href":"https:\/\/fundaciongottau.org.ar\/comunicacion\/wp-json\/wp\/v2\/comments?post=25"}],"version-history":[{"count":26,"href":"https:\/\/fundaciongottau.org.ar\/comunicacion\/wp-json\/wp\/v2\/pages\/25\/revisions"}],"predecessor-version":[{"id":1638,"href":"https:\/\/fundaciongottau.org.ar\/comunicacion\/wp-json\/wp\/v2\/pages\/25\/revisions\/1638"}],"wp:attachment":[{"href":"https:\/\/fundaciongottau.org.ar\/comunicacion\/wp-json\/wp\/v2\/media?parent=25"}],"curies":[{"name":"wp","href":"https:\/\/api.w.org\/{rel}","templated":true}]}}