{"id":39,"date":"2014-08-27T11:53:43","date_gmt":"2014-08-27T14:53:43","guid":{"rendered":"http:\/\/fundaciongottau.org.ar\/comunicacion\/?page_id=39"},"modified":"2026-03-30T11:19:25","modified_gmt":"2026-03-30T14:19:25","slug":"consejo-y-equipo","status":"publish","type":"page","link":"https:\/\/fundaciongottau.org.ar\/comunicacion\/contacto\/sobre-nosotros\/consejo-y-equipo\/","title":{"rendered":"Autoridades y Equipo"},"content":{"rendered":"<p><strong>Consejo de Administraci\u00f3n<img decoding=\"async\" loading=\"lazy\" class=\"size-medium wp-image-791 alignright\" src=\"https:\/\/fundaciongottau.org.ar\/comunicacion\/wp-content\/uploads\/2019\/09\/WhatsApp-Image-2019-09-04-at-18.02.39-300x225.jpeg\" alt=\"Monse\u00f1or Corral\" width=\"300\" height=\"225\" srcset=\"https:\/\/fundaciongottau.org.ar\/comunicacion\/wp-content\/uploads\/2019\/09\/WhatsApp-Image-2019-09-04-at-18.02.39-300x225.jpeg 300w, https:\/\/fundaciongottau.org.ar\/comunicacion\/wp-content\/uploads\/2019\/09\/WhatsApp-Image-2019-09-04-at-18.02.39.jpeg 712w\" sizes=\"(max-width: 300px) 100vw, 300px\" \/><\/strong><\/p>\n<p><strong><em>Presidente:<\/em><\/strong> Mons. Jos\u00e9 Luis Corral SVD<\/p>\n<p><strong><em>Vice Presidente:<\/em><\/strong> Pbro. Hern\u00e1n Gonzalez Caz\u00f3n<\/p>\n<p><strong><em>Secretario:<\/em><\/strong>\u00a0Guillermo Ram\u00f3n Gonz\u00e1lez<\/p>\n<p><strong><em>Pro Secretario: <\/em><\/strong>Hno. V\u00edctor Manuel Hirch SVD<\/p>\n<p><em><strong>Tesorero:<\/strong><\/em>\u00a0Roberto Germino<\/p>\n<p><em><strong>Pro Tesorero:\u00a0<\/strong><\/em>Federico Wals<\/p>\n<p><strong>Vocal titular:<\/strong> Fernando Lordi<\/p>\n<p><strong>Equipo Permanente<\/strong><\/p>\n<p><em>Director Ejecutivo:<\/em> Jorge Omar Almir\u00f3n \/ <em>e-mail<\/em>: <a href=\"mailto:jorgealmiron@fundaciongottau.org.ar\">jorgealmiron@fundaciongottau.org.ar<\/a><\/p>\n<p><em>Secretar\u00eda:<\/em> Patricia Oviedo \/ <em>e-mail<\/em>: <a href=\"mailto:patriciaoviedo@fundaciongottau.org.ar\">patriciaoviedo@fundaciongottau.org.ar<\/a><\/p>\n<p><em>Atenci\u00f3n a Donantes:<\/em> Luis Almir\u00f3n \/ <em>e-mail<\/em>: <a href=\"mailto:luisalmiron@fundaciongottau.org.ar\">luisalmiron@fundaciongottau.org.ar<\/a><\/p>\n<p><em>Comunicaci\u00f3n: Dahiana Sosa \/ e-mail: <a href=\"mailto:dahianasosa@fundaciongottau.org.ar\">dahianasosa@fundaciongottau.org.ar<\/a><\/em><\/p>\n","protected":false},"excerpt":{"rendered":"<p>Consejo de Administraci\u00f3n Presidente: Mons. Jos\u00e9 Luis Corral SVD Vice Presidente: Pbro. Hern\u00e1n Gonzalez Caz\u00f3n Secretario:\u00a0Guillermo Ram\u00f3n Gonz\u00e1lez Pro Secretario: Hno. V\u00edctor Manuel Hirch SVD Tesorero:\u00a0Roberto Germino Pro Tesorero:\u00a0Federico Wals Vocal titular: Fernando Lordi Equipo Permanente Director Ejecutivo: Jorge Omar Almir\u00f3n \/ e-mail: jorgealmiron@fundaciongottau.org.ar Secretar\u00eda: Patricia Oviedo \/ e-mail: patriciaoviedo@fundaciongottau.org.ar Atenci\u00f3n a Donantes: Luis Almir\u00f3n [&hellip;]<\/p>\n","protected":false},"author":1,"featured_media":0,"parent":9,"menu_order":3,"comment_status":"open","ping_status":"closed","template":"custom-page.php","meta":[],"_links":{"self":[{"href":"https:\/\/fundaciongottau.org.ar\/comunicacion\/wp-json\/wp\/v2\/pages\/39"}],"collection":[{"href":"https:\/\/fundaciongottau.org.ar\/comunicacion\/wp-json\/wp\/v2\/pages"}],"about":[{"href":"https:\/\/fundaciongottau.org.ar\/comunicacion\/wp-json\/wp\/v2\/types\/page"}],"author":[{"embeddable":true,"href":"https:\/\/fundaciongottau.org.ar\/comunicacion\/wp-json\/wp\/v2\/users\/1"}],"replies":[{"embeddable":true,"href":"https:\/\/fundaciongottau.org.ar\/comunicacion\/wp-json\/wp\/v2\/comments?post=39"}],"version-history":[{"count":20,"href":"https:\/\/fundaciongottau.org.ar\/comunicacion\/wp-json\/wp\/v2\/pages\/39\/revisions"}],"predecessor-version":[{"id":2058,"href":"https:\/\/fundaciongottau.org.ar\/comunicacion\/wp-json\/wp\/v2\/pages\/39\/revisions\/2058"}],"up":[{"embeddable":true,"href":"https:\/\/fundaciongottau.org.ar\/comunicacion\/wp-json\/wp\/v2\/pages\/9"}],"wp:attachment":[{"href":"https:\/\/fundaciongottau.org.ar\/comunicacion\/wp-json\/wp\/v2\/media?parent=39"}],"curies":[{"name":"wp","href":"https:\/\/api.w.org\/{rel}","templated":true}]}}