{"id":728,"date":"2024-10-27T13:44:00","date_gmt":"2024-10-27T16:44:00","guid":{"rendered":"http:\/\/fundaciongottau.org.ar\/comunicacion\/?page_id=728"},"modified":"2024-11-06T23:41:56","modified_gmt":"2024-11-07T02:41:56","slug":"plan-de-becas-gottau","status":"publish","type":"page","link":"https:\/\/fundaciongottau.org.ar\/comunicacion\/sumate\/plan-de-becas-gottau\/","title":{"rendered":"Plan de becas GOTTAU"},"content":{"rendered":"<p><a href=\"https:\/\/fundaciongottau.org.ar\/comunicacion\/wp-content\/uploads\/2022\/10\/plan-de-becas-gottau.jpg\"><img decoding=\"async\" loading=\"lazy\" class=\"size-medium wp-image-986 aligncenter\" src=\"https:\/\/fundaciongottau.org.ar\/comunicacion\/wp-content\/uploads\/2022\/10\/plan-de-becas-gottau-300x300.jpg\" alt=\"\" width=\"300\" height=\"300\" srcset=\"https:\/\/fundaciongottau.org.ar\/comunicacion\/wp-content\/uploads\/2022\/10\/plan-de-becas-gottau-300x300.jpg 300w, https:\/\/fundaciongottau.org.ar\/comunicacion\/wp-content\/uploads\/2022\/10\/plan-de-becas-gottau-1024x1024.jpg 1024w, https:\/\/fundaciongottau.org.ar\/comunicacion\/wp-content\/uploads\/2022\/10\/plan-de-becas-gottau-150x150.jpg 150w, https:\/\/fundaciongottau.org.ar\/comunicacion\/wp-content\/uploads\/2022\/10\/plan-de-becas-gottau-768x768.jpg 768w, https:\/\/fundaciongottau.org.ar\/comunicacion\/wp-content\/uploads\/2022\/10\/plan-de-becas-gottau.jpg 1321w\" sizes=\"(max-width: 300px) 100vw, 300px\" \/><\/a><\/p>\n<p><strong>En&nbsp;el a\u00f1o 2019 lanzamos el Programa&nbsp;de Becas Gottau<\/strong>.&nbsp;Celebramos una alianza con C\u00e1ritas A\u00f1atuya, una Instituci\u00f3n con mucha experiencia en este tipo de iniciativas educativas,&nbsp; para asegurar el seguimiento y acompa\u00f1amiento de los alumnos. Al equipo de C\u00e1ritas se&nbsp;sum\u00f3 la Srta. Mar\u00eda Pilar Vilaplanas, figura central del PBA en A\u00f1atuya.<\/p>\n<p>Con las Becas Gottau los chicos podr\u00e1n<\/p>\n<ul>\n<li>Comprar libros y \u00fatiles escolares,<\/li>\n<li>Comprar calzado y ropa,<\/li>\n<li>Comprar elementos b\u00e1sicos de higiene personal,<\/li>\n<li>Pagar&nbsp;la pensi\u00f3n (cada chico becado es del interior)<\/li>\n<li>Pagar la cuota del instituto.<\/li>\n<\/ul>\n<p style=\"text-align: center;\"><strong><span style=\"color: #008000;\">Sumate a esta iniciativa, bec\u00e1 a un chico y sigamos transformando la realidad de la di\u00f3cesis<\/span><\/strong><\/p>\n<p><a href=\"https:\/\/fundaciongottau.org.ar\/comunicacion\/wp-content\/uploads\/2018\/12\/Bild32.jpg\"><img decoding=\"async\" loading=\"lazy\" class=\"aligncenter size-medium wp-image-735\" src=\"https:\/\/fundaciongottau.org.ar\/comunicacion\/wp-content\/uploads\/2018\/12\/Bild32-300x220.jpg\" alt=\"Bild32\" width=\"300\" height=\"220\" srcset=\"https:\/\/fundaciongottau.org.ar\/comunicacion\/wp-content\/uploads\/2018\/12\/Bild32-300x220.jpg 300w, https:\/\/fundaciongottau.org.ar\/comunicacion\/wp-content\/uploads\/2018\/12\/Bild32-1024x751.jpg 1024w, https:\/\/fundaciongottau.org.ar\/comunicacion\/wp-content\/uploads\/2018\/12\/Bild32.jpg 1191w\" sizes=\"(max-width: 300px) 100vw, 300px\" \/><\/a><\/p>\n<p><em><strong>Para&nbsp;becar a chicos de la di\u00f3cesis de A\u00f1atuya <a href=\"https:\/\/donamos.org\/fundaciongottau\/plandebecas\/\" target=\"_blank\" rel=\"noopener\"><span style=\"color: #0000ff;\">HACE CLICK AQU\u00cd PARA DEJAR DIRECTAMENTE TU DONACI\u00d3N<\/span><\/a> o envianos tus datos completando este formulario y nos&nbsp;comunicaremos a la brevedad:<\/strong><\/em><\/p>\n<div role=\"form\" class=\"wpcf7\" id=\"wpcf7-f731-o1\" lang=\"es-ES\" dir=\"ltr\">\n<div class=\"screen-reader-response\"><p role=\"status\" aria-live=\"polite\" aria-atomic=\"true\"><\/p> <ul><\/ul><\/div>\n<form action=\"\/comunicacion\/wp-json\/wp\/v2\/pages\/728#wpcf7-f731-o1\" method=\"post\" class=\"wpcf7-form init\" novalidate=\"novalidate\" data-status=\"init\">\n<div style=\"display: none;\">\n<input type=\"hidden\" name=\"_wpcf7\" value=\"731\" \/>\n<input type=\"hidden\" name=\"_wpcf7_version\" value=\"5.6.4\" \/>\n<input type=\"hidden\" name=\"_wpcf7_locale\" value=\"es_ES\" \/>\n<input type=\"hidden\" name=\"_wpcf7_unit_tag\" value=\"wpcf7-f731-o1\" \/>\n<input type=\"hidden\" name=\"_wpcf7_container_post\" value=\"0\" \/>\n<input type=\"hidden\" name=\"_wpcf7_posted_data_hash\" value=\"\" \/>\n<\/div>\n<p>Nombre y apellido*<br \/> <span class=\"wpcf7-form-control-wrap\" data-name=\"nombre\"><input type=\"text\" name=\"nombre\" value=\"\" size=\"40\" class=\"wpcf7-form-control wpcf7-text wpcf7-validates-as-required\" aria-required=\"true\" aria-invalid=\"false\" \/><\/span><\/p>\n<p>Direcci\u00f3n<br \/> <span class=\"wpcf7-form-control-wrap\" data-name=\"direc\"><input type=\"text\" name=\"direc\" value=\"\" size=\"40\" class=\"wpcf7-form-control wpcf7-text\" aria-invalid=\"false\" \/><\/span><\/p>\n<p>Localidad<br \/> <span class=\"wpcf7-form-control-wrap\" data-name=\"loc\"><input type=\"text\" name=\"loc\" value=\"\" size=\"40\" class=\"wpcf7-form-control wpcf7-text\" aria-invalid=\"false\" \/><\/span><\/p>\n<p>Provincia<br \/> <span class=\"wpcf7-form-control-wrap\" data-name=\"prov\"><input type=\"text\" name=\"prov\" value=\"\" size=\"40\" class=\"wpcf7-form-control wpcf7-text\" aria-invalid=\"false\" \/><\/span><\/p>\n<p>Tel\u00e9fono\/Celular*<br \/> <span class=\"wpcf7-form-control-wrap\" data-name=\"tel-cel\"><input type=\"tel\" name=\"tel-cel\" value=\"\" size=\"40\" class=\"wpcf7-form-control wpcf7-text wpcf7-tel wpcf7-validates-as-required wpcf7-validates-as-tel\" aria-required=\"true\" aria-invalid=\"false\" \/><\/span><\/p>\n<p>E-mail*<br \/> <span class=\"wpcf7-form-control-wrap\" data-name=\"email\"><input type=\"email\" name=\"email\" value=\"\" size=\"40\" class=\"wpcf7-form-control wpcf7-text wpcf7-email wpcf7-validates-as-required wpcf7-validates-as-email\" aria-required=\"true\" aria-invalid=\"false\" \/><\/span><\/p>\n<p>Horario de llamada*<br\/><span class=\"wpcf7-form-control-wrap\" data-name=\"menu-105\"><select name=\"menu-105\" class=\"wpcf7-form-control wpcf7-select wpcf7-validates-as-required\" aria-required=\"true\" aria-invalid=\"false\"><option value=\"DE 10 a 12:30\">DE 10 a 12:30<\/option><option value=\"De 12:30 a 15\">De 12:30 a 15<\/option><option value=\"De 15 a 17:30\">De 15 a 17:30<\/option><\/select><\/span><\/p>\n<p>Medio de Colaboraci\u00f3n*<br\/><span class=\"wpcf7-form-control-wrap\" data-name=\"menu-104\"><select name=\"menu-104\" class=\"wpcf7-form-control wpcf7-select wpcf7-validates-as-required\" aria-required=\"true\" aria-invalid=\"false\"><option value=\"Naranja\">Naranja<\/option><option value=\"Visa\">Visa<\/option><option value=\"Amex\">Amex<\/option><option value=\"Cabal\">Cabal<\/option><option value=\"Diners\">Diners<\/option><option value=\"MasterCard\">MasterCard<\/option><option value=\"Visa Electron\/D\u00e9bito\">Visa Electron\/D\u00e9bito<\/option><option value=\"D\u00e9bito en cuenta\">D\u00e9bito en cuenta<\/option><option value=\"Transferencia Bancaria\">Transferencia Bancaria<\/option><\/select><\/span><\/p>\n<p>Monto de Colaboraci\u00f3n*<br\/><span class=\"wpcf7-form-control-wrap\" data-name=\"menu-178\"><select name=\"menu-178\" class=\"wpcf7-form-control wpcf7-select wpcf7-validates-as-required\" aria-required=\"true\" aria-invalid=\"false\"><option value=\"$25000 por mes (media beca anual)\">$25000 por mes (media beca anual)<\/option><option value=\"$50000 por mes (1 beca anual)\">$50000 por mes (1 beca anual)<\/option><option value=\"$100000 por mes (2 becas anuales)\">$100000 por mes (2 becas anuales)<\/option><option value=\"$200000 por mes (4 becas anuales)\">$200000 por mes (4 becas anuales)<\/option><option value=\"$500000 por mes (10 becas anuales)\">$500000 por mes (10 becas anuales)<\/option><option value=\"$10000 por mes (aporte al fondo general de becas)\">$10000 por mes (aporte al fondo general de becas)<\/option><option value=\"otro monto\">otro monto<\/option><\/select><\/span><\/p>\n<p>Comentarios<br \/>\n    <span class=\"wpcf7-form-control-wrap\" data-name=\"your-message\"><textarea name=\"your-message\" cols=\"40\" rows=\"10\" class=\"wpcf7-form-control wpcf7-textarea\" aria-invalid=\"false\"><\/textarea><\/span> <\/p>\n<p><input type=\"submit\" value=\"Enviar\" class=\"wpcf7-form-control has-spinner wpcf7-submit\" \/><\/p>\n<p style=\"display: none !important;\" class=\"akismet-fields-container\" data-prefix=\"_wpcf7_ak_\"><label>&#916;<textarea name=\"_wpcf7_ak_hp_textarea\" cols=\"45\" rows=\"8\" maxlength=\"100\"><\/textarea><\/label><input type=\"hidden\" id=\"ak_js_1\" name=\"_wpcf7_ak_js\" value=\"27\"\/><script>document.getElementById( \"ak_js_1\" ).setAttribute( \"value\", ( new Date() ).getTime() );<\/script><\/p><div class=\"wpcf7-response-output\" aria-hidden=\"true\"><\/div><\/form><\/div>\n","protected":false},"excerpt":{"rendered":"<p>En&nbsp;el a\u00f1o 2019 lanzamos el Programa&nbsp;de Becas Gottau.&nbsp;Celebramos una alianza con C\u00e1ritas A\u00f1atuya, una Instituci\u00f3n con mucha experiencia en este tipo de iniciativas educativas,&nbsp; para asegurar el seguimiento y acompa\u00f1amiento de los alumnos. Al equipo de C\u00e1ritas se&nbsp;sum\u00f3 la Srta. Mar\u00eda Pilar Vilaplanas, figura central del PBA en A\u00f1atuya. Con las Becas Gottau los chicos [&hellip;]<\/p>\n","protected":false},"author":1,"featured_media":0,"parent":66,"menu_order":0,"comment_status":"open","ping_status":"closed","template":"","meta":[],"_links":{"self":[{"href":"https:\/\/fundaciongottau.org.ar\/comunicacion\/wp-json\/wp\/v2\/pages\/728"}],"collection":[{"href":"https:\/\/fundaciongottau.org.ar\/comunicacion\/wp-json\/wp\/v2\/pages"}],"about":[{"href":"https:\/\/fundaciongottau.org.ar\/comunicacion\/wp-json\/wp\/v2\/types\/page"}],"author":[{"embeddable":true,"href":"https:\/\/fundaciongottau.org.ar\/comunicacion\/wp-json\/wp\/v2\/users\/1"}],"replies":[{"embeddable":true,"href":"https:\/\/fundaciongottau.org.ar\/comunicacion\/wp-json\/wp\/v2\/comments?post=728"}],"version-history":[{"count":13,"href":"https:\/\/fundaciongottau.org.ar\/comunicacion\/wp-json\/wp\/v2\/pages\/728\/revisions"}],"predecessor-version":[{"id":1153,"href":"https:\/\/fundaciongottau.org.ar\/comunicacion\/wp-json\/wp\/v2\/pages\/728\/revisions\/1153"}],"up":[{"embeddable":true,"href":"https:\/\/fundaciongottau.org.ar\/comunicacion\/wp-json\/wp\/v2\/pages\/66"}],"wp:attachment":[{"href":"https:\/\/fundaciongottau.org.ar\/comunicacion\/wp-json\/wp\/v2\/media?parent=728"}],"curies":[{"name":"wp","href":"https:\/\/api.w.org\/{rel}","templated":true}]}}